{"version":"1.0","provider_name":"Le blog du tourisme insolite","provider_url":"https:\/\/mag.abracadaroom.com\/fr","author_name":"Oumay","author_url":"https:\/\/mag.abracadaroom.com\/fr\/author\/oumay\/","title":"Interview du propri\u00e9taire du Jardin des Colibris","type":"rich","width":600,"height":338,"html":"<blockquote class=\"wp-embedded-content\" data-secret=\"O7Rtpl6QsZ\"><a href=\"https:\/\/mag.abracadaroom.com\/fr\/interview-du-proprietaire-du-jardin-des-colibris\/\">Interview du propri\u00e9taire du Jardin des Colibris<\/a><\/blockquote><iframe sandbox=\"allow-scripts\" security=\"restricted\" src=\"https:\/\/mag.abracadaroom.com\/fr\/interview-du-proprietaire-du-jardin-des-colibris\/embed\/#?secret=O7Rtpl6QsZ\" width=\"600\" height=\"338\" title=\"\u00ab\u00a0Interview du propri\u00e9taire du Jardin des Colibris\u00a0\u00bb &#8212; Le blog du tourisme insolite\" data-secret=\"O7Rtpl6QsZ\" frameborder=\"0\" marginwidth=\"0\" marginheight=\"0\" scrolling=\"no\" class=\"wp-embedded-content\"><\/iframe><script type=\"text\/javascript\">\n\/*! This file is auto-generated *\/\n!function(c,d){\"use strict\";var e=!1,o=!1;if(d.querySelector)if(c.addEventListener)e=!0;if(c.wp=c.wp||{},c.wp.receiveEmbedMessage);else if(c.wp.receiveEmbedMessage=function(e){var t=e.data;if(!t);else if(!(t.secret||t.message||t.value));else if(\/[^a-zA-Z0-9]\/.test(t.secret));else{for(var r,s,a,i=d.querySelectorAll('iframe[data-secret=\"'+t.secret+'\"]'),n=d.querySelectorAll('blockquote[data-secret=\"'+t.secret+'\"]'),o=new RegExp(\"^https?:$\",\"i\"),l=0;l<n.length;l++)n[l].style.display=\"none\";for(l=0;l<i.length;l++)if(r=i[l],e.source!==r.contentWindow);else{if(r.removeAttribute(\"style\"),\"height\"===t.message){if(1e3<(s=parseInt(t.value,10)))s=1e3;else if(~~s<200)s=200;r.height=s}if(\"link\"===t.message)if(s=d.createElement(\"a\"),a=d.createElement(\"a\"),s.href=r.getAttribute(\"src\"),a.href=t.value,!o.test(a.protocol));else if(a.host===s.host)if(d.activeElement===r)c.top.location.href=t.value}}},e)c.addEventListener(\"message\",c.wp.receiveEmbedMessage,!1),d.addEventListener(\"DOMContentLoaded\",t,!1),c.addEventListener(\"load\",t,!1);function t(){if(o);else{o=!0;for(var e,t,r,s=-1!==navigator.appVersion.indexOf(\"MSIE 10\"),a=!!navigator.userAgent.match(\/Trident.*rv:11\\.\/),i=d.querySelectorAll(\"iframe.wp-embedded-content\"),n=0;n<i.length;n++){if(!(r=(t=i[n]).getAttribute(\"data-secret\")))r=Math.random().toString(36).substr(2,10),t.src+=\"#?secret=\"+r,t.setAttribute(\"data-secret\",r);if(s||a)(e=t.cloneNode(!0)).removeAttribute(\"security\"),t.parentNode.replaceChild(e,t);t.contentWindow.postMessage({message:\"ready\",secret:r},\"*\")}}}}(window,document);\n<\/script>\n","thumbnail_url":"https:\/\/mag.abracadaroom.com\/fr\/wp-content\/uploads\/2019\/06\/IMG_0386-1024x763.jpg","thumbnail_width":1024,"thumbnail_height":763,"description":"Cette semaine, nous accueillons le propri\u00e9taire du domaine Au Jardin des Colibris. Il vous accueille dans des cabanes au c\u0153ur de la nature tropicale Guadeloup\u00e9enne ! On vous laisse d\u00e9couvrir l&rsquo;interview\u2026 Pourriez-vous vous pr\u00e9senter aux lecteurs d&rsquo;AbracadaRoom ? Originaires de la France m\u00e9tropolitaine, nous sommes des passionn\u00e9s de voyages ! En couple et plus tard [&hellip;]"}